{"id":1488,"date":"2021-10-11T14:09:18","date_gmt":"2021-10-11T14:09:18","guid":{"rendered":"https:\/\/petrana-sabolek.net\/?page_id=1488"},"modified":"2024-09-11T06:54:59","modified_gmt":"2024-09-11T06:54:59","slug":"od-slova-do-slova-2-izdanje","status":"publish","type":"page","link":"https:\/\/petrana-sabolek.net\/index.php\/od-slova-do-slova-2-izdanje\/","title":{"rendered":"Od slova do slova (2. izdanje)"},"content":{"rendered":"<p>[et_pb_section fb_built=&#8221;1&#8243; _builder_version=&#8221;4.16&#8243; _module_preset=&#8221;default&#8221; custom_padding=&#8221;||0px|||&#8221; da_disable_devices=&#8221;off|off|off&#8221; global_colors_info=&#8221;{}&#8221; da_is_popup=&#8221;off&#8221; da_exit_intent=&#8221;off&#8221; da_has_close=&#8221;on&#8221; da_alt_close=&#8221;off&#8221; da_dark_close=&#8221;off&#8221; da_not_modal=&#8221;on&#8221; da_is_singular=&#8221;off&#8221; da_with_loader=&#8221;off&#8221; da_has_shadow=&#8221;on&#8221;][et_pb_row column_structure=&#8221;2_5,3_5&#8243; _builder_version=&#8221;4.22.2&#8243; _module_preset=&#8221;default&#8221; locked=&#8221;off&#8221; global_colors_info=&#8221;{}&#8221;][et_pb_column type=&#8221;2_5&#8243; _builder_version=&#8221;4.22.2&#8243; _module_preset=&#8221;default&#8221; global_colors_info=&#8221;{}&#8221;][et_pb_image src=&#8221;https:\/\/petrana-sabolek.net\/wp-content\/uploads\/2021\/06\/od-slova-do-slova-2020.png&#8221; title_text=&#8221;od slova do slova 2020&#8243; url=&#8221;https:\/\/petrana-sabolek.net\/wp-content\/uploads\/2024\/09\/Od-slova-do-slova-2-izdanje.pdf&#8221; use_overlay=&#8221;on&#8221; overlay_icon_color=&#8221;#E02B20&#8243; hover_overlay_color=&#8221;#FFFFFF&#8221; hover_icon=&#8221;&#xf5da;||fa||900&#8243; _builder_version=&#8221;4.22.2&#8243; _module_preset=&#8221;default&#8221; background_enable_image=&#8221;off&#8221; parallax=&#8221;on&#8221; hover_enabled=&#8221;0&#8243; global_colors_info=&#8221;{}&#8221; sticky_enabled=&#8221;0&#8243;][\/et_pb_image][\/et_pb_column][et_pb_column type=&#8221;3_5&#8243; _builder_version=&#8221;4.22.2&#8243; _module_preset=&#8221;default&#8221; global_colors_info=&#8221;{}&#8221;][et_pb_text _builder_version=&#8221;4.22.2&#8243; _module_preset=&#8221;default&#8221; text_font=&#8221;Times New Roman||||||||&#8221; global_colors_info=&#8221;{}&#8221;]<\/p>\n<p style=\"text-align: justify;\">\u2026Pisana vezanim stihom, knjiga je ritmi\u010dna, melodi\u010dna, bogata neobi\u010dnim pjesni\u010dkim slikama. Podsje\u0107a, lucidnom domi\u0161ljato\u0161\u0107u, na jedno od najboljih pera na\u0161e dje\u010dje knji\u017eevnosti, Grigora Viteza. Njezinih sedamdeset tvrdo ukori\u010denih stranica nose sna\u017eno izra\u017een didakti\u010dki karakter. Slikovnica <strong>\u201eOd slova do slova\u201c<\/strong> hrvatska je abeceda, namijenjena pred\u0161kolcima i prva\u0161i\u0107ima. Svako slovo ima svoju duplericu na kojoj je s lijeve strane dje\u010dji crte\u017e s motivom koji po\u010dinje odre\u0111enim glasom, odnosno slovom, a s desne strane pjesma oblikovana kao to slovo. Ima tu, mo\u017eda, diskretno podvu\u010dene apolinerovske citatnosti. Crte\u017e, primjerice, automobila s lijeve strane, a s desne pjesma u obliku slova \u201eA\u201c daju vizualno upe\u010datljivu sliku uzrastu kojemu je vizualitet dominanta. Osim odli\u010dnih rima pjesme donose i mno\u0161tvo asonanca i aliteracija, tako da u dje\u010djem uhu zvuk, a u oku lik (oblik), nesumnjivo poti\u010du radoznalost i memoriju. Slovo (glas) koje je glavni lik \u201eduplerice\u201c u\u010destalo se ponavlja u pjesmi i pri tome jo\u0161 je i podebljano (bold). Pridodamo li tome nepretencioznu, hotimi\u010dno nesavr\u0161enu metriku, imamo magnet za malog \u010ditatelja. \u010cini se da nema ni\u0161ta lak\u0161e nego nau\u010diti abecedu uz knjigu Petrane Sabolek. (\u2026) Ako i jedna knjiga ima dovoljno razloga za svoje ponovno objavljivanje, onda je to na mnogo na\u010dina bogata slikovnica Petrane Sabolek <strong>\u201eOd slova do slova\u201c<\/strong>. Da to prisna\u017eimo navest \u0107emo dva citata, to\u010dnije upu\u0107ujem na slova A i L. (&#8230;) Kasnijim svojim knjigama pjesama, ali i prozom, te dramatikom, Petrana Sabolek dokazala se kao va\u017eno hrvatsko knji\u017eevno ime.&#8221; <strong>Ivan Pranji\u0107, uz II. izdanje<\/strong>.<\/p>\n<p style=\"text-align: justify;\">Tiskano uz potporu Me\u0111imurske \u017eupanije.<\/p>\n<p>[\/et_pb_text][et_pb_toggle title=&#8221;Bibliote\u010dni zapisi&#8221; open_toggle_text_color=&#8221;#032263&#8243; open_toggle_background_color=&#8221;#FFFFFF&#8221; closed_toggle_background_color=&#8221;#FFFFFF&#8221; icon_color=&#8221;#032263&#8243; toggle_icon=&#8221;&#xf233;||fa||900&#8243; open_icon_color=&#8221;#032263&#8243; open_toggle_icon=&#8221;&#xf233;||fa||900&#8243; _builder_version=&#8221;4.22.2&#8243; _module_preset=&#8221;default&#8221; title_text_color=&#8221;#032263&#8243; title_font=&#8221;|600|||||||&#8221; background_color=&#8221;#032263&#8243; global_colors_info=&#8221;{}&#8221;]<\/p>\n<table>\n<tbody>\n<tr>\n<td colspan=\"2\" style=\"width: 434px;\"><span>BIBLIOTE\u010cNI <\/span><span>PODACI O KNJIZI <\/span><\/td>\n<\/tr>\n<tr>\n<td style=\"width: 141px;\"><span>Naziv knjige<\/span><\/td>\n<td style=\"width: 287px;\"><span>OD SLOVA DO SLOVA, <\/span><span>II. izdanje<\/span><\/td>\n<\/tr>\n<tr>\n<td style=\"width: 141px;\"><span>Autor<\/span><\/td>\n<td style=\"width: 287px;\"><span>Petrana Sabolek<\/span><\/td>\n<\/tr>\n<tr>\n<td style=\"width: 141px;\"><span>Kategorija<\/span><\/td>\n<td style=\"width: 287px;\"><span>Knjiga za djecu, poetska zbirka o slovima<\/span><\/td>\n<\/tr>\n<tr>\n<td style=\"width: 141px;\"><span>Broj stranica<\/span><\/td>\n<td style=\"width: 287px;\"><span>72<\/span><\/td>\n<\/tr>\n<tr>\n<td style=\"width: 141px;\"><span>Godina izdanja<\/span><\/td>\n<td style=\"width: 287px;\"><span>2020.<\/span><\/td>\n<\/tr>\n<tr>\n<td style=\"width: 141px;\"><span>Nakladnik<\/span><\/td>\n<td style=\"width: 287px;\"><span>Ogranak Matice hrvatske u \u010cakovcu<\/span><span><\/span><\/td>\n<\/tr>\n<tr>\n<td style=\"width: 141px;\"><span>Uvez<\/span><\/td>\n<td style=\"width: 287px;\"><span>Tvrdi, \u0161ivano, plastificirano<\/span><\/td>\n<\/tr>\n<tr>\n<td style=\"width: 141px;\"><span>Format<\/span><\/td>\n<td style=\"width: 287px;\"><span>17,0 x 24,5<\/span><\/td>\n<\/tr>\n<tr>\n<td style=\"width: 141px;\"><span>Likovna obrada<\/span><\/td>\n<td style=\"width: 287px;\"><span>Sabolek Katarina<\/span><\/td>\n<\/tr>\n<tr>\n<td style=\"width: 141px;\"><span>Dizajn i grafi\u010dka priprema<\/span><\/td>\n<td style=\"width: 287px;\"><span>Og grafikad.o.o., Jastrebarsko<\/span><\/td>\n<\/tr>\n<tr>\n<td style=\"width: 141px;\"><span>Ilustracije<\/span><\/td>\n<td style=\"width: 287px;\"><span>U\u010denici II. b. r. O\u0160 Strahoninec,<\/span><span> S. Opa\u010dak<\/span><\/td>\n<\/tr>\n<tr>\n<td style=\"width: 141px;\"><span>Recenzenti<\/span><\/td>\n<td style=\"width: 287px;\"><span>dr. Stjepko Te\u017eak,\u00a0<\/span><span>dr. Stjepan Hranjec,<br \/><\/span><span>Ivan Pranji\u0107<\/span><\/td>\n<\/tr>\n<tr>\n<td style=\"width: 141px;\"><span>ISBN <\/span><\/td>\n<td style=\"width: 287px;\"><span>CIP &#8211; Nau\u010dna I sveu\u010dili\u0161na knji\u017enica Zagreb<br \/><\/span><span style=\"font-family: inherit; font-size: inherit;\">978-953-6138-79-1 pod brojem 001031569<\/span><\/td>\n<\/tr>\n<tr>\n<td style=\"width: 141px;\"><span>Tisak i uvez<\/span><\/td>\n<td style=\"width: 287px;\"><span>Og grafikad.o.o., Jastrebarsko<\/span><\/td>\n<\/tr>\n<tr>\n<td style=\"width: 141px;\"><span>Naklada <\/span><\/td>\n<td style=\"width: 287px;\"><span>1000 primjeraka<\/span><\/td>\n<\/tr>\n<\/tbody>\n<\/table>\n<p>&nbsp;<\/p>\n<p>[\/et_pb_toggle][\/et_pb_column][\/et_pb_row][\/et_pb_section]<\/p>\n","protected":false},"excerpt":{"rendered":"<p>\u2026Pisana vezanim stihom, knjiga je ritmi\u010dna, melodi\u010dna, bogata neobi\u010dnim pjesni\u010dkim slikama. Podsje\u0107a, lucidnom domi\u0161ljato\u0161\u0107u, na jedno od najboljih pera na\u0161e dje\u010dje knji\u017eevnosti, Grigora Viteza. Njezinih sedamdeset tvrdo ukori\u010denih stranica nose sna\u017eno izra\u017een didakti\u010dki karakter. Slikovnica \u201eOd slova do slova\u201c hrvatska je abeceda, namijenjena pred\u0161kolcima i prva\u0161i\u0107ima. Svako slovo ima svoju duplericu na kojoj je s [&hellip;]<\/p>\n","protected":false},"author":1,"featured_media":0,"parent":0,"menu_order":0,"comment_status":"closed","ping_status":"closed","template":"","meta":{"_et_pb_use_builder":"on","_et_pb_old_content":"","_et_gb_content_width":"","footnotes":""},"class_list":["post-1488","page","type-page","status-publish","hentry"],"_links":{"self":[{"href":"https:\/\/petrana-sabolek.net\/index.php\/wp-json\/wp\/v2\/pages\/1488","targetHints":{"allow":["GET"]}}],"collection":[{"href":"https:\/\/petrana-sabolek.net\/index.php\/wp-json\/wp\/v2\/pages"}],"about":[{"href":"https:\/\/petrana-sabolek.net\/index.php\/wp-json\/wp\/v2\/types\/page"}],"author":[{"embeddable":true,"href":"https:\/\/petrana-sabolek.net\/index.php\/wp-json\/wp\/v2\/users\/1"}],"replies":[{"embeddable":true,"href":"https:\/\/petrana-sabolek.net\/index.php\/wp-json\/wp\/v2\/comments?post=1488"}],"version-history":[{"count":7,"href":"https:\/\/petrana-sabolek.net\/index.php\/wp-json\/wp\/v2\/pages\/1488\/revisions"}],"predecessor-version":[{"id":4228,"href":"https:\/\/petrana-sabolek.net\/index.php\/wp-json\/wp\/v2\/pages\/1488\/revisions\/4228"}],"wp:attachment":[{"href":"https:\/\/petrana-sabolek.net\/index.php\/wp-json\/wp\/v2\/media?parent=1488"}],"curies":[{"name":"wp","href":"https:\/\/api.w.org\/{rel}","templated":true}]}}