{"id":1561,"date":"2021-10-12T14:09:07","date_gmt":"2021-10-12T14:09:07","guid":{"rendered":"https:\/\/petrana-sabolek.net\/?page_id=1561"},"modified":"2024-09-12T07:25:54","modified_gmt":"2024-09-12T07:25:54","slug":"poetski-flesbek-4","status":"publish","type":"page","link":"https:\/\/petrana-sabolek.net\/index.php\/poetski-flesbek-4\/","title":{"rendered":"Poetski fle\u0161bek"},"content":{"rendered":"<p>[et_pb_section fb_built=&#8221;1&#8243; _builder_version=&#8221;4.16&#8243; _module_preset=&#8221;default&#8221; custom_padding=&#8221;||0px|||&#8221; da_disable_devices=&#8221;off|off|off&#8221; global_colors_info=&#8221;{}&#8221; da_is_popup=&#8221;off&#8221; da_exit_intent=&#8221;off&#8221; da_has_close=&#8221;on&#8221; da_alt_close=&#8221;off&#8221; da_dark_close=&#8221;off&#8221; da_not_modal=&#8221;on&#8221; da_is_singular=&#8221;off&#8221; da_with_loader=&#8221;off&#8221; da_has_shadow=&#8221;on&#8221;][et_pb_row column_structure=&#8221;2_5,3_5&#8243; _builder_version=&#8221;4.22.2&#8243; _module_preset=&#8221;default&#8221; locked=&#8221;off&#8221; global_colors_info=&#8221;{}&#8221;][et_pb_column type=&#8221;2_5&#8243; _builder_version=&#8221;4.22.2&#8243; _module_preset=&#8221;default&#8221; global_colors_info=&#8221;{}&#8221;][et_pb_image src=&#8221;https:\/\/petrana-sabolek.net\/wp-content\/uploads\/2021\/05\/POETSKI-FLESBEK.png&#8221; title_text=&#8221;ikona knjige&#8221; url=&#8221;https:\/\/petrana-sabolek.net\/wp-content\/uploads\/2024\/09\/Poetski_web3.pdf&#8221; use_overlay=&#8221;on&#8221; overlay_icon_color=&#8221;#E02B20&#8243; hover_overlay_color=&#8221;#FFFFFF&#8221; hover_icon=&#8221;&#xf5da;||fa||900&#8243; _builder_version=&#8221;4.22.2&#8243; _module_preset=&#8221;default&#8221; background_enable_image=&#8221;off&#8221; parallax=&#8221;on&#8221; hover_enabled=&#8221;0&#8243; global_colors_info=&#8221;{}&#8221; sticky_enabled=&#8221;0&#8243;][\/et_pb_image][\/et_pb_column][et_pb_column type=&#8221;3_5&#8243; _builder_version=&#8221;4.22.2&#8243; _module_preset=&#8221;default&#8221; global_colors_info=&#8221;{}&#8221;][et_pb_text _builder_version=&#8221;4.22.2&#8243; _module_preset=&#8221;default&#8221; text_font=&#8221;Times New Roman||||||||&#8221; global_colors_info=&#8221;{}&#8221;]<\/p>\n<p style=\"text-align: justify;\">\u2026Kto nie pami\u0119ta historii, skazany jest na jej ponowne prze\u017cycie,\u00a0pi\u0161e na zidu jednog od logorskih blokova u Auschwitzu (Oni koji se ne prisje\u0107aju pro\u0161losti, osu\u0111eni su na to da je ponavljaju.\u00a0\u2013 George Santayana), sna\u017ena sentenca gravirana na mjestu furiozne historijske devalvacije ljudskosti \u2013 odgoneta\u010dka je smjernica za intelektualnu sintezu, motivsku vodilju pri \u010ditanju i kriti\u010dkoj debala\u017ei pjesni\u010dke zbirke (zapravo, resantimanske umjetni\u010dke invektive) Petrane Sabolek \u201cPoetski fle\u0161bek\u201d. Ova knjiga \u2013 \u201cdnevnik geneze\u201d \u2013 ima dabome nu\u017enu racionaliziranu vremensku distancu (prili\u010dno velik raspon nastajanja\/sastavljanja zapisa) kako bi potpuno, unutar estetskih\/pjesni\u010dkih metoda, ovladalo skrupulozno psihoportretiranje dru\u0161tvenog metjea naspram logi\u010dne (ukoliko bi oblikovanje literarne gra\u0111e motrilo paralelno s kronometrom) domoljubne afektivnosti kao izraz spontane emocionalnosti uslijed agresija i ru\u0161ila\u0161tva svih oblika\u2026 Zavidnom artisti\u010dkom zrelo\u0161\u0107u te iskustvom spisateljstvo Petrane Sabolek plod je finih, suptilnih zapa\u017eaja pojedinosti za podcrtavanje i osvjetljavanje esencije u vi\u0111enom i pro\u017eivljenom. U tom kontekstu, sam naslov zbirke nedvojbeno osmi\u0161ljava temu, daje glavnu intonaciju, sugerira atmosferu i scenografiju. Dok imena poglavlja (\u201cFalanga u balkanskoj palanci\u201d,\u00a0\u201cMolbe gluhome svecu\u201d,\u00a0\u201cPitanja du\u0161e\u201d,\u00a0\u201cProlaznosti usprkos\u201d) dodatno otkrivaju potku djela, dionice koje svojim sadr\u017eajima odra\u017eavaju dijagnozu moralno (i gospodarski dakako) uru\u0161enog dru\u0161tva, uklju\u010duju\u0107i u narativ i bespo\u0161tednu politi\u010dku sliku doba, kao i diskretne crtice iz obiteljskog \u017eivota autorice. Tim \u2013 i \u017eanrovskim \u2013 rasponom, djelo bje\u017ei strogoj definiciji pjesni\u010dke publikacije, kad se susre\u0107emo sa svojevrsnim dru\u0161tvenim kroni\u010darstvom, pa i vi\u0161e od toga, stanovitim bilje\u017eenjem \u017eivota mislima o\u0161trih analiza, mudrih poentiranja \u2013 iznjedriv\u0161i knjigu sjetnih, tu\u017enih, bolnih svjedo\u010danstava, ali ne kao negativisti\u010dko percipiranje egzistiranja na ovim prostorima, ve\u0107 kao afirmaciju postojanja koje nas uz sve vulnerabilnosti ljudske na kraju balade ispunja nekim vi\u0161im smislom \u010dovjekoljublja i plemenitih osje\u0107anja\u2026Iz pogovor knjige nakladnika, \u201eModernist\u201c, Vara\u017edin, <strong>Robertina Bartoleca, POVIJEST NIKADA NE ZAVR\u0160AVA.<\/strong><\/p>\n<p>[\/et_pb_text][et_pb_toggle title=&#8221;Bibliote\u010dni zapisi&#8221; open_toggle_text_color=&#8221;#032263&#8243; open_toggle_background_color=&#8221;#FFFFFF&#8221; closed_toggle_background_color=&#8221;#FFFFFF&#8221; icon_color=&#8221;#032263&#8243; toggle_icon=&#8221;&#xf233;||fa||900&#8243; open_icon_color=&#8221;#032263&#8243; open_toggle_icon=&#8221;&#xf233;||fa||900&#8243; _builder_version=&#8221;4.22.2&#8243; _module_preset=&#8221;default&#8221; title_text_color=&#8221;#032263&#8243; title_font=&#8221;|600|||||||&#8221; background_color=&#8221;#032263&#8243; global_colors_info=&#8221;{}&#8221;]<\/p>\n<table>\n<tbody>\n<tr>\n<td><span>Naziv knjige<\/span><\/td>\n<td><span>POETSKI FLE\u0160BEK<\/span><\/td>\n<\/tr>\n<tr>\n<td><span>Autor<\/span><\/td>\n<td><span>Petrana Sabolek<\/span><\/td>\n<\/tr>\n<tr>\n<td><span>Kategorija<\/span><\/td>\n<td><span>Poezija<\/span><\/td>\n<\/tr>\n<tr>\n<td><span>Broj stranica<\/span><\/td>\n<td><span>129<\/span><\/td>\n<\/tr>\n<tr>\n<td><span>Godina izdanja<\/span><\/td>\n<td><span>2019.<\/span><\/td>\n<\/tr>\n<tr>\n<td><span>Nakladnik<\/span><\/td>\n<td><span>Modernist nakladni\u0161tvo, Vara\u017edin<\/span><\/td>\n<\/tr>\n<tr>\n<td><span>Uvez<\/span><\/td>\n<td><span>Tvrdi, \u0161ivano<\/span><\/td>\n<\/tr>\n<tr>\n<td><span>Format<\/span><\/td>\n<td><span>14,4 x 20,2<\/span><\/td>\n<\/tr>\n<tr>\n<td><span>Grafi\u010dki uredili <\/span><\/td>\n<td>\n<p><span>Petrana Sabolek<\/span><\/p>\n<p><span>Matija Hranjec<\/span><\/p>\n<\/td>\n<\/tr>\n<tr>\n<td><span>ISBN <\/span><\/td>\n<td>\n<p><span>CIP &#8211; Nau\u010dna I sveu\u010dili\u0161na knji\u017enica Zagreb <\/span><\/p>\n<p><span>978-953-7281-58-8 pod brojem 001005343<\/span><\/p>\n<\/td>\n<\/tr>\n<tr>\n<td><span>Tisak i uvez <\/span><\/td>\n<td><span>Graphprint, d.o.o. \u010cakovec<\/span><\/td>\n<\/tr>\n<tr>\n<td><span>Napomena<\/span><\/td>\n<td><span>&#8211;<\/span><\/td>\n<\/tr>\n<\/tbody>\n<\/table>\n<p>[\/et_pb_toggle][\/et_pb_column][\/et_pb_row][\/et_pb_section]<\/p>\n","protected":false},"excerpt":{"rendered":"<p>\u2026Kto nie pami\u0119ta historii, skazany jest na jej ponowne prze\u017cycie,\u00a0pi\u0161e na zidu jednog od logorskih blokova u Auschwitzu (Oni koji se ne prisje\u0107aju pro\u0161losti, osu\u0111eni su na to da je ponavljaju.\u00a0\u2013 George Santayana), sna\u017ena sentenca gravirana na mjestu furiozne historijske devalvacije ljudskosti \u2013 odgoneta\u010dka je smjernica za intelektualnu sintezu, motivsku vodilju pri \u010ditanju i kriti\u010dkoj [&hellip;]<\/p>\n","protected":false},"author":1,"featured_media":0,"parent":0,"menu_order":0,"comment_status":"closed","ping_status":"closed","template":"","meta":{"_et_pb_use_builder":"on","_et_pb_old_content":"","_et_gb_content_width":"","footnotes":""},"class_list":["post-1561","page","type-page","status-publish","hentry"],"_links":{"self":[{"href":"https:\/\/petrana-sabolek.net\/index.php\/wp-json\/wp\/v2\/pages\/1561","targetHints":{"allow":["GET"]}}],"collection":[{"href":"https:\/\/petrana-sabolek.net\/index.php\/wp-json\/wp\/v2\/pages"}],"about":[{"href":"https:\/\/petrana-sabolek.net\/index.php\/wp-json\/wp\/v2\/types\/page"}],"author":[{"embeddable":true,"href":"https:\/\/petrana-sabolek.net\/index.php\/wp-json\/wp\/v2\/users\/1"}],"replies":[{"embeddable":true,"href":"https:\/\/petrana-sabolek.net\/index.php\/wp-json\/wp\/v2\/comments?post=1561"}],"version-history":[{"count":6,"href":"https:\/\/petrana-sabolek.net\/index.php\/wp-json\/wp\/v2\/pages\/1561\/revisions"}],"predecessor-version":[{"id":4297,"href":"https:\/\/petrana-sabolek.net\/index.php\/wp-json\/wp\/v2\/pages\/1561\/revisions\/4297"}],"wp:attachment":[{"href":"https:\/\/petrana-sabolek.net\/index.php\/wp-json\/wp\/v2\/media?parent=1561"}],"curies":[{"name":"wp","href":"https:\/\/api.w.org\/{rel}","templated":true}]}}