{"id":303,"date":"2021-06-28T09:30:16","date_gmt":"2021-06-28T09:30:16","guid":{"rendered":"https:\/\/petrana-sabolek.net\/?page_id=303"},"modified":"2024-09-12T09:48:37","modified_gmt":"2024-09-12T09:48:37","slug":"o-meni","status":"publish","type":"page","link":"https:\/\/petrana-sabolek.net\/index.php\/o-meni\/","title":{"rendered":"O MENI"},"content":{"rendered":"<p>[et_pb_section fb_built=&#8221;1&#8243; admin_label=&#8221;Classes&#8221; _builder_version=&#8221;4.16&#8243; custom_padding=&#8221;8px||0px|||&#8221; da_disable_devices=&#8221;off|off|off&#8221; global_colors_info=&#8221;{}&#8221; da_is_popup=&#8221;off&#8221; da_exit_intent=&#8221;off&#8221; da_has_close=&#8221;on&#8221; da_alt_close=&#8221;off&#8221; da_dark_close=&#8221;off&#8221; da_not_modal=&#8221;on&#8221; da_is_singular=&#8221;off&#8221; da_with_loader=&#8221;off&#8221; da_has_shadow=&#8221;on&#8221;][et_pb_row _builder_version=&#8221;4.16&#8243; background_size=&#8221;initial&#8221; background_position=&#8221;top_right&#8221; min_height=&#8221;36px&#8221; custom_margin=&#8221;|auto||auto|false|false&#8221; custom_padding=&#8221;||||false|false&#8221; border_color_all=&#8221;rgba(0,0,0,0.12)&#8221; locked=&#8221;off&#8221; global_colors_info=&#8221;{}&#8221;][et_pb_column type=&#8221;4_4&#8243; _builder_version=&#8221;4.16&#8243; custom_padding=&#8221;|||&#8221; global_colors_info=&#8221;{}&#8221; custom_padding__hover=&#8221;|||&#8221;][et_pb_text disabled_on=&#8221;on|on|off&#8221; _builder_version=&#8221;4.16&#8243; text_font=&#8221;|300|||||||&#8221; text_font_size=&#8221;63px&#8221; text_line_height=&#8221;1em&#8221; header_font=&#8221;||||||||&#8221; header_3_font=&#8221;Montserrat|600|||||||&#8221; header_3_font_size=&#8221;70px&#8221; header_3_line_height=&#8221;1.2em&#8221; background_color=&#8221;#ffffff&#8221; background_color_gradient_direction=&#8221;90deg&#8221; text_orientation=&#8221;center&#8221; max_width=&#8221;636px&#8221; module_alignment=&#8221;center&#8221; custom_margin=&#8221;|13px|20px|||&#8221; custom_margin_tablet=&#8221;&#8221; custom_margin_phone=&#8221;||-60px|&#8221; custom_margin_last_edited=&#8221;on|phone&#8221; header_3_font_size_tablet=&#8221;50px&#8221; header_3_font_size_phone=&#8221;30px&#8221; header_3_font_size_last_edited=&#8221;on|phone&#8221; global_colors_info=&#8221;{}&#8221;]<\/p>\n<p>O meni<\/p>\n<p>[\/et_pb_text][et_pb_text disabled_on=&#8221;off|off|on&#8221; _builder_version=&#8221;4.16&#8243; text_font=&#8221;|300|||||||&#8221; text_font_size=&#8221;35px&#8221; text_line_height=&#8221;1em&#8221; header_font=&#8221;||||||||&#8221; header_3_font=&#8221;Montserrat|600|||||||&#8221; header_3_font_size=&#8221;70px&#8221; header_3_line_height=&#8221;1.2em&#8221; background_color=&#8221;#ffffff&#8221; background_color_gradient_direction=&#8221;90deg&#8221; text_orientation=&#8221;center&#8221; max_width=&#8221;636px&#8221; module_alignment=&#8221;center&#8221; custom_margin=&#8221;|13px|20px|||&#8221; custom_margin_tablet=&#8221;&#8221; custom_margin_phone=&#8221;||-60px|&#8221; custom_margin_last_edited=&#8221;on|phone&#8221; custom_padding=&#8221;||46px|||&#8221; header_3_font_size_tablet=&#8221;50px&#8221; header_3_font_size_phone=&#8221;30px&#8221; header_3_font_size_last_edited=&#8221;on|phone&#8221; global_colors_info=&#8221;{}&#8221;]<\/p>\n<p>O meni<\/p>\n<p>[\/et_pb_text][\/et_pb_column][\/et_pb_row][et_pb_row _builder_version=&#8221;4.22.2&#8243; _module_preset=&#8221;default&#8221;][et_pb_column _builder_version=&#8221;4.22.2&#8243; _module_preset=&#8221;default&#8221; type=&#8221;4_4&#8243;][et_pb_team_member name=&#8221;Biografija&#8221; image_url=&#8221;https:\/\/petrana-sabolek.net\/wp-content\/uploads\/2024\/09\/petrana.jpg&#8221; _builder_version=&#8221;4.22.2&#8243; _module_preset=&#8221;default&#8221; hover_enabled=&#8221;0&#8243; sticky_enabled=&#8221;0&#8243; facebook_url=&#8221;https:\/\/www.facebook.com\/petrana.sabolek\/?_rdr&#8221;]<\/p>\n<p style=\"text-align: justify;\">\n<p style=\"text-align: justify;\">Datum i mjesto ro\u0111enja, 1. srpnja 1949., Donji Kraljevec, Me\u0111imurje, Republika Hrvatska. Djetinjstvo i mladost provodim u Beogradu, a nakon diplomiranja te kra\u0107eg zaposlenja u onda\u0161njem Urbanisti\u010dkom zavodu Grada Beograda, udajom, odlazim u \u010cakovec gdje s diplomom beogradskog Pravnog fakulteta nastavljam radni vijek kao Op\u0107inski sudac za prekr\u0161aje, voditelj pravne slu\u017ebe Medicinskog centra \u010cakovec a potom i Financijske agencije, podru\u017enica \u010cakovec. Udata sam, majka dvoje djece i dvoje unu\u010dadi, \u017eivim i radim u \u010cakovcu. Ponosna sam na svoju ulogu u prvom petero\u010dlanom povjerenstvu Nacionalnog ocjenjiva\u010dkog suda za dobivanje presti\u017enog naslova Bolnica prijatelj djece (1995.-2010), kojim naslovom se, prema UNICEF-ovoj Deklaraciji o pravima djeteta danas kite ve\u0107 sva rodili\u0161ta u Hrvatskoj. \u010clan sam Dru\u0161tva hrvatskih knji\u017eevnika, Hrvatskog dru\u0161tva knji\u017eevnika za djecu i mlade, Klub prvih pisaca, \u010dlan Predsjedni\u0161tva i Povjerenstva za nakladni\u010dku djelatnost Ogranka Matice hrvatske u \u010cakovcu, \u010dlanica Pjeva\u010dkog zbora \u201eJosip \u0160tolcer Slavenski\u201c \u010cakovec.<\/p>\n<p>[\/et_pb_team_member][et_pb_text _builder_version=&#8221;4.22.2&#8243; _module_preset=&#8221;default&#8221; hover_enabled=&#8221;0&#8243; sticky_enabled=&#8221;0&#8243;]<\/p>\n<h4 style=\"text-align: justify;\">Bibliografija<\/h4>\n<p style=\"text-align: justify;\">\n<p style=\"text-align: justify;\">Moj spisateljski rad dovoljno je predstavljen na ovoj stranici pa u nastavku jo\u0161 samo poneki nenazna\u010deni podatak. Ponosna sam na ulogu urednice \u201eHerkula\u201c, informativnog glasila Medicinskog centra \u010cakovec, namijenjenog br\u017eem oporavku stradalnika domovinskog rata na sekundarnom zdravstvenom zbrinjavanju u MC\u010c, ratnih godina (1991.-1992.). Kao predsjednica me\u0111imurskog Knji\u017eevnog kruga \u201cRe\u010di rie\u010d\u201d (2004.-2008.) uredila sam godi\u0161nje zbornike Kruga za 2004., 2005., 2006. i 2007. godinu kao i osam knjiga doma\u0107ih autora (Ivan Kutnjak, Rt Dobre Nade, poezija, 2004., Josip Mihalkovi\u0107, Pisac koji \u0107e vam promijeniti \u017eivot, poezija, 2004, Augustin Lesjak Alkap, Zapisi staroga skuporitnjaka iz Pupina Sela, 2005., Petrana Sabolek, Kukuriku dobar dan, poetska zbirka za djecu, 2005., Milena Petkovi\u0107, \u010carobnica, poezija 2005., Magdalena Vlah-Hranjec, Na so pevdu i komediju, igrokazi, 2005., Miljenko Mur\u0161i\u0107, Golgota, proza, 2007. i Kristina \u0160tebih, Molitve i \u010dini, poezija, 2007.) Po\u010da\u0161\u0107ena sam i zastupljeno\u0161\u0107u u mnogim zbornicima i \u0161kolskoj literaturi, koju detaljnije navodim u nastavku, a ovdje jo\u0161 navod ponekih nagrada i priznanja za koje se ba\u0161 nisam borila pa su i ove do\u0161le gotovo slu\u010dajno: I. nagrada za najbolju kajkavsku pjesmu, XIV. recitala suvremenog hrvatskog pjesni\u0161tva \u201cSenje i meteori\u201d Vara\u017edin, 2006. (pjesma Skrodnja vura); I. nagrada za najbolji tekst MEF-a \u201cLjubomir Kuntari\u0107\u201d 2019. (pjesma, Senja \u017eivljenja), II. nagrada, solisti do 15 godina, Dje\u010dji festival \u201cKukuri\u010dek\u201d, 2016. Nives Ha\u017ei\u0107 s pjesmom Prehla\u0111eni pu\u017e, glazba Damir Rodiger; III. nagrada Susreta rije\u010di Bedekov\u010dina 2016. (pri\u010da na kajkavskom, Peticija); Diploma Hrvatskog sabora kulture za 30-godi\u0161nji uspje\u0161an rad na \u0161irenju i razvijanju kulturno &#8211; umjetni\u010dkog amaterizma i hrvatske kulture (2015.); Bron\u010dana diploma Zajednice hrvatskih kulturno umjetni\u010dkih udruga Me\u0111imurske \u017eupanije za 20 godina uspje\u0161nog rada u dru\u0161tvu i o\u010duvanju kulturnog amaterizma i hrvatske kulture (2007.) te brojna priznanja i zahvalnice. Uz naprijed predstavljene knjige i dovr\u0161ene rukopise slijedi i popis zabilje\u017eenih naslova zastupljenosti u \u0161kolskoj literaturi: (1) \u201eMOJ HRVATSKI\u201c, Vje\u017ebenica za drugi razred osnovne \u0161kole, 6 izdanje, naklada ALFA, 2003.; pjesma \u201eABECEDA\u201c, (2) \u201ePO\u010cETNICA KNJIGULJICA\u201c, pisana slova Ud\u017ebenik za prvi razred osnovne \u0161kole, 4. izdanje, naklada ALFA, 2010., \u201eSlovo \u201eR\u201c; (3) \u201e\u0160KRINJICA SLOVA I RIJE\u010cI 2, PRVI DIO\u201c, Integrirani radni ud\u017ebenik iz hrvatskog jezika za drugi razred osnovne \u0161kole, 1. izdanje, naklada ALFA, 2020., pjesma \u201eLoptica\u201c i pjesma \u201eHrana\u201c; (4) \u201e\u010cITAM I PI\u0160EM 2\u201c, Radna bilje\u017enica iz hrvatskog jezika za drugi razred osnovne \u0161kole, 2. izdanje, naklada ALFA, 2021., pjesma \u201eABECEDA\u201c; (5) \u201e\u010cITAM I PI\u0160EM 3\u201c, Nastavni listi\u0107i za tre\u0107i razred osnovne \u0161kole, naklada ALFA, 2021., pjesma \u201eFti\u010deki se \u017eeniju\u201c; (6) \u201e\u0160KRINJICA SLOVA I RIJE\u010cI 2\u201c, Radna bilje\u017enica iz hrvatskog jezika za drugi razred osnovne \u0161kole, 3. izdanje, naklada ALFA, 2022., pjesma \u201cSlovo \u017d\u201c; (7) \u201eSUN\u010cANI DANI 3 HRVATSKI JEZIK\u201c. \u010cITANKA S UD\u017dBENIKOM za tre\u0107i razred osnovne \u0161kole, naklada ALCA SCRIPT, pri\u010da \u201eLijeni snijeg\u201c; (8) \u201eMOJ HRVATSKI JEZIK 1-2 DIO\u201c, radni ud\u017ebenik za hrvatski jezik za prvi razred osnovne \u0161kole, stvaramo rimu, naklada ALCA SCRIPT, pjesma \u201ePrehla\u0111eni pu\u017e\u201c; (9) \u201eOD SLOVA DO SNOVA 2\u201c, \u010ditanka za drugi razred osnovne \u0161kole, 4. izdanje, naklada PROFIL KLET, 2012., pjesma \u201eMjeseci u godini\u201c; (10) \u201ePO\u010cETNICA SLOVA NA DLANU\u201c, naklada PROFIL KLET, pjesma \u201eLoptica\u201c; (11) \u201ePRI\u010cA O JEZIKU 3\u201c, ispiti znanja iz hrvatskog jezika, naklada PROFIL KLET pjesma \u201ePjesnik\u201c; (12) P KAO PETICA, dodatna radna bilje\u017enica iz hrvatskog jezika za prvi razred osnovne \u0161kole, naklada PROFIL KLET, 2012., pjesma \u201eVolim\u201c; (13) \u201eP KAO PETICA\u201c, dodatna radna bilje\u017enica iz hrvatskog jezika za prvi razred osnovne \u0161kole, naklada PROFIL KLET, 2012., pjesma \u201eU\u010ditelj\u201c; (14) \u201eHRVATSKI JEZIK\u201c, radna bilje\u017enica za drugi razred, naklada \u0160KOLSKA KNJIGA, 2004., pjesma o \u201eSlovo U\u201c; (15) \u201eSVIJET RIJE\u010cI, 1, 2 DIO\u201c, integrirana radna po\u010detnica iz hrvatskog jezika s dodatnim sadr\u017eajima u 1. razredu osnovne \u0161kole, naklada \u0160KOLSKA KNJIGA, pjesma \u201eProljetni zvon\u010di\u0107\u201c; (16) \u201eSVIJET RIJE\u010cI, 1, 2 DIO\u201c, PUU, naklada \u0160KOLSKA KNJIGA, pjesma \u201eProljetni zvon\u010di\u0107\u201c; (17) \u201eZLATNA VRATA 3\u201c, integrirani radni ud\u017ebenik hrvatskog jezika u tre\u0107em razredu osnovne \u0161kole, 2 dio, 2 izdanje, naklada \u0160KOLSKA KNJIGA, 2021., proza \u201eLijeni snijeg\u201c te (18) \u201eZLATNA VRATA 3, 2 DIO\u201c, integrirani radni ud\u017ebenik hrvatskog jezika u tre\u0107em razredu osnovne \u0161kole, 2 dio, 2 izdanje, naklada \u0160KOLSKA KNJIGA, 2021., proza, \u201eLijeni snijeg\u201c.<\/p>\n<p>[\/et_pb_text][\/et_pb_column][\/et_pb_row][\/et_pb_section]<\/p>\n","protected":false},"excerpt":{"rendered":"<p>O meniO meni Datum i mjesto ro\u0111enja, 1. srpnja 1949., Donji Kraljevec, Me\u0111imurje, Republika Hrvatska. Djetinjstvo i mladost provodim u Beogradu, a nakon diplomiranja te kra\u0107eg zaposlenja u onda\u0161njem Urbanisti\u010dkom zavodu Grada Beograda, udajom, odlazim u \u010cakovec gdje s diplomom beogradskog Pravnog fakulteta nastavljam radni vijek kao Op\u0107inski sudac za prekr\u0161aje, voditelj pravne slu\u017ebe Medicinskog [&hellip;]<\/p>\n","protected":false},"author":1,"featured_media":0,"parent":0,"menu_order":0,"comment_status":"closed","ping_status":"closed","template":"","meta":{"_et_pb_use_builder":"on","_et_pb_old_content":"","_et_gb_content_width":"","footnotes":""},"class_list":["post-303","page","type-page","status-publish","hentry"],"_links":{"self":[{"href":"https:\/\/petrana-sabolek.net\/index.php\/wp-json\/wp\/v2\/pages\/303","targetHints":{"allow":["GET"]}}],"collection":[{"href":"https:\/\/petrana-sabolek.net\/index.php\/wp-json\/wp\/v2\/pages"}],"about":[{"href":"https:\/\/petrana-sabolek.net\/index.php\/wp-json\/wp\/v2\/types\/page"}],"author":[{"embeddable":true,"href":"https:\/\/petrana-sabolek.net\/index.php\/wp-json\/wp\/v2\/users\/1"}],"replies":[{"embeddable":true,"href":"https:\/\/petrana-sabolek.net\/index.php\/wp-json\/wp\/v2\/comments?post=303"}],"version-history":[{"count":9,"href":"https:\/\/petrana-sabolek.net\/index.php\/wp-json\/wp\/v2\/pages\/303\/revisions"}],"predecessor-version":[{"id":4329,"href":"https:\/\/petrana-sabolek.net\/index.php\/wp-json\/wp\/v2\/pages\/303\/revisions\/4329"}],"wp:attachment":[{"href":"https:\/\/petrana-sabolek.net\/index.php\/wp-json\/wp\/v2\/media?parent=303"}],"curies":[{"name":"wp","href":"https:\/\/api.w.org\/{rel}","templated":true}]}}