{"id":4133,"date":"2024-08-27T09:04:04","date_gmt":"2024-08-27T09:04:04","guid":{"rendered":"https:\/\/petrana-sabolek.net\/?page_id=4133"},"modified":"2024-09-11T08:03:14","modified_gmt":"2024-09-11T08:03:14","slug":"zapjevajmo-zasvirajmo-2","status":"publish","type":"page","link":"https:\/\/petrana-sabolek.net\/index.php\/zapjevajmo-zasvirajmo-2\/","title":{"rendered":"Zapjevajmo, zasvirajmo"},"content":{"rendered":"<p>[et_pb_section fb_built=&#8221;1&#8243; admin_label=&#8221;Hero&#8221; _builder_version=&#8221;4.16&#8243; background_color=&#8221;#FFFFFF&#8221; background_image=&#8221;https:\/\/petrana-sabolek.net\/wp-content\/uploads\/2021\/05\/coding-background-texture.jpg&#8221; background_blend=&#8221;overlay&#8221; custom_padding=&#8221;55px|0px|100px|0px||&#8221; animation_style=&#8221;slide&#8221; animation_direction=&#8221;top&#8221; animation_intensity_slide=&#8221;2%&#8221; da_disable_devices=&#8221;off|off|off&#8221; locked=&#8221;off&#8221; global_colors_info=&#8221;{}&#8221; da_is_popup=&#8221;off&#8221; da_exit_intent=&#8221;off&#8221; da_has_close=&#8221;on&#8221; da_alt_close=&#8221;off&#8221; da_dark_close=&#8221;off&#8221; da_not_modal=&#8221;on&#8221; da_is_singular=&#8221;off&#8221; da_with_loader=&#8221;off&#8221; da_has_shadow=&#8221;on&#8221;][et_pb_row column_structure=&#8221;1_4,3_4&#8243; _builder_version=&#8221;4.16&#8243; _module_preset=&#8221;default&#8221; global_colors_info=&#8221;{}&#8221;][et_pb_column type=&#8221;1_4&#8243; _builder_version=&#8221;4.16&#8243; _module_preset=&#8221;default&#8221; global_colors_info=&#8221;{}&#8221;][et_pb_image src=&#8221;https:\/\/petrana-sabolek.net\/wp-content\/uploads\/2024\/08\/Zapjevajmo-zasvirajmo-krug.png&#8221; title_text=&#8221;glavom bez obzira&#8221; _builder_version=&#8221;4.22.2&#8243; _module_preset=&#8221;default&#8221; global_colors_info=&#8221;{}&#8221;][\/et_pb_image][\/et_pb_column][et_pb_column type=&#8221;3_4&#8243; _builder_version=&#8221;4.16&#8243; _module_preset=&#8221;default&#8221; global_colors_info=&#8221;{}&#8221;][et_pb_text _builder_version=&#8221;4.22.2&#8243; _module_preset=&#8221;default&#8221; header_font_size=&#8221;45px&#8221; global_colors_info=&#8221;{}&#8221;]<\/p>\n<h1>\u201eZAPJEVAJMO, ZASVIRAJMO\u201c<\/h1>\n<h3>notni zapisi uglazbljenih pjesama za djecu Petrane Sabolek<\/h3>\n<p>[\/et_pb_text][et_pb_text _builder_version=&#8221;4.22.2&#8243; _module_preset=&#8221;default&#8221; custom_padding=&#8221;5px|||||&#8221; hover_enabled=&#8221;0&#8243; global_colors_info=&#8221;{}&#8221; sticky_enabled=&#8221;0&#8243;]<\/p>\n<h3 style=\"text-align: justify;\">Sinopsis<\/h3>\n<p class=\"western\" align=\"justify\"><span style=\"font-family: Calibri, serif;\"><span style=\"font-family: Times New Roman, serif;\"><span style=\"font-size: medium;\"><\/span><\/span><\/span><\/p>\n<p class=\"western\" align=\"justify\">Pedeset i jedan notni zapis izabran me\u0111u vi\u0161e od sedamdeset uglazbljenih mojih pjesama, glazbenog materijala koji potpisuje pet vrsnih me\u0111imurskih glazbenika i pedagoga: Dragica Karolina \u0160imunkovi\u0107, prof., Ladislav Varga, prof., Damir Rodiger, prof., Radojka Magi\u0107, odgajatelj i Goran \u0160afari\u0107, magistar glazbene kulture, sadr\u017eaj je zbirke \u201eZapjevajmo, zasvirajmo\u201c. O autorima glazbe podrobnije u posebnom poglavlju zbirke, a notni zapisi predstavljeni su prema svojim nosa\u010dima zvuka: devetnaest s CD-a Petrana Sabolek djeci, deset s CD-a Djetinjstvo, \u0161esnaest su zapisi songova na Demo snimci, sve unutar bloka Nosa\u010di zvuka s mogu\u0107no\u0161\u0107u njihovog reproduciranja, a posljednjih deset notni su zapisi pjesama koje jo\u0161 nisu dospjele do nosa\u010da zvuka.<\/p>\n<p>[\/et_pb_text][\/et_pb_column][\/et_pb_row][et_pb_row column_structure=&#8221;1_4,3_4&#8243; _builder_version=&#8221;4.16&#8243; _module_preset=&#8221;default&#8221; global_colors_info=&#8221;{}&#8221;][et_pb_column type=&#8221;1_4&#8243; _builder_version=&#8221;4.16&#8243; _module_preset=&#8221;default&#8221; global_colors_info=&#8221;{}&#8221;][et_pb_text _builder_version=&#8221;4.22.2&#8243; _module_preset=&#8221;default&#8221; custom_margin=&#8221;||16px|||&#8221; global_colors_info=&#8221;{}&#8221;]<\/p>\n<p>&nbsp;<\/p>\n<p>&nbsp;<\/p>\n<p>[\/et_pb_text][et_pb_text _builder_version=&#8221;4.22.2&#8243; _module_preset=&#8221;default&#8221; global_colors_info=&#8221;{}&#8221;]<\/p>\n<p>*Notni zapis iz I. bloka, CD \u201ePetrana Sabolek djeci\u201c<\/p>\n<p>[\/et_pb_text][\/et_pb_column][et_pb_column type=&#8221;3_4&#8243; _builder_version=&#8221;4.16&#8243; _module_preset=&#8221;default&#8221; global_colors_info=&#8221;{}&#8221;][et_pb_text _builder_version=&#8221;4.22.2&#8243; _module_preset=&#8221;default&#8221; custom_padding=&#8221;5px|||||&#8221; global_colors_info=&#8221;{}&#8221;]<\/p>\n<h3 style=\"text-align: justify;\">Ogledni arak<\/h3>\n<p class=\"western\" align=\"justify\"><span style=\"font-family: Calibri, serif;\"><span style=\"font-family: Times New Roman, serif;\"><span style=\"font-size: medium;\"><\/span><\/span><\/span><\/p>\n<p class=\"western\" align=\"justify\">[\/et_pb_text][et_pb_image src=&#8221;https:\/\/petrana-sabolek.net\/wp-content\/uploads\/2024\/08\/Zuta-vojska-1.jpg&#8221; _builder_version=&#8221;4.22.2&#8243; _module_preset=&#8221;default&#8221; global_colors_info=&#8221;{}&#8221;][\/et_pb_image][et_pb_image src=&#8221;https:\/\/petrana-sabolek.net\/wp-content\/uploads\/2024\/08\/Zuta-vojska-note.jpg&#8221; show_in_lightbox=&#8221;on&#8221; _builder_version=&#8221;4.22.2&#8243; _module_preset=&#8221;default&#8221; global_colors_info=&#8221;{}&#8221;][\/et_pb_image][et_pb_audio audio=&#8221;https:\/\/petrana-sabolek.net\/wp-content\/uploads\/2021\/07\/Zuta-vojska.mp3&#8243; album_name=&#8221;Lijeva desna jedan dva Ga, ga, ga, ga, ga, ga, ga, ga\u2026 Sve o taktu jedan-dva Ga, ga, ga, ga, ga, ga, ga, ga\u2026  \u017duta kljuna, \u017euta repa Slo\u017eno stupa mala \u010deta. Predvodi ju mama raca Na za\u010delju racan gaca.&#8221; _builder_version=&#8221;4.22.2&#8243; _module_preset=&#8221;default&#8221; background_color=&#8221;#E09900&#8243; global_colors_info=&#8221;{}&#8221;][\/et_pb_audio][\/et_pb_column][\/et_pb_row][et_pb_row column_structure=&#8221;1_4,3_4&#8243; _builder_version=&#8221;4.16&#8243; _module_preset=&#8221;default&#8221; global_colors_info=&#8221;{}&#8221;][et_pb_column type=&#8221;1_4&#8243; _builder_version=&#8221;4.16&#8243; _module_preset=&#8221;default&#8221; global_colors_info=&#8221;{}&#8221;][\/et_pb_column][et_pb_column type=&#8221;3_4&#8243; _builder_version=&#8221;4.16&#8243; _module_preset=&#8221;default&#8221; global_colors_info=&#8221;{}&#8221;][et_pb_image src=&#8221;https:\/\/petrana-sabolek.net\/wp-content\/uploads\/2024\/08\/Proljece-1.jpg&#8221; title_text=&#8221;Prolje\u0107e&#8221; _builder_version=&#8221;4.22.2&#8243; _module_preset=&#8221;default&#8221; global_colors_info=&#8221;{}&#8221;][\/et_pb_image][et_pb_image src=&#8221;https:\/\/petrana-sabolek.net\/wp-content\/uploads\/2024\/08\/Proljece-note.jpg&#8221; show_in_lightbox=&#8221;on&#8221; _builder_version=&#8221;4.22.2&#8243; _module_preset=&#8221;default&#8221; global_colors_info=&#8221;{}&#8221;][\/et_pb_image][et_pb_audio audio=&#8221;https:\/\/petrana-sabolek.net\/wp-content\/uploads\/2021\/07\/Proljece.mp3&#8243; album_name=&#8221;Dobro jutro, prirodo, prozore otvori Dan \u0161to sti\u017ee kupa se u proljetnoj zori. Ljubi\u010dica mrava budi, trava ni\u010de \u2013 nema pri\u010de Osa zuji, leptir lije\u010de \u2013 na livadi prolje\u0107e!  S dalekoga juga lastavica sti\u017ee Ispod snijega visibaba bijelu glavu di\u017ee. Medo brunda, zeko ska\u010de, lija zijeva, \u0161eva pjeva Jazavac se je\u017eu ruga \u2013 prolje\u0107e je usred luga.  Na livadi \u017euti jaglac, mrav, zelena trava Ljubi\u010dica, poto\u010dnica, svud s prolje\u0107em spava. Zaplje\u0161\u0107imo prolje\u0107u, nebu kojim kru\u017ei Jatu ptica, zlatnom suncu i proljetnoj ru\u017ei.&#8221; _builder_version=&#8221;4.22.2&#8243; _module_preset=&#8221;default&#8221; background_color=&#8221;#c40000&#8243; global_colors_info=&#8221;{}&#8221;][\/et_pb_audio][\/et_pb_column][\/et_pb_row][et_pb_row column_structure=&#8221;1_4,3_4&#8243; _builder_version=&#8221;4.16&#8243; _module_preset=&#8221;default&#8221; custom_margin=&#8221;16px|auto||auto||&#8221; global_colors_info=&#8221;{}&#8221;][et_pb_column type=&#8221;1_4&#8243; _builder_version=&#8221;4.16&#8243; _module_preset=&#8221;default&#8221; global_colors_info=&#8221;{}&#8221;][et_pb_text _builder_version=&#8221;4.22.2&#8243; _module_preset=&#8221;default&#8221; global_colors_info=&#8221;{}&#8221;]<\/p>\n<p>*Notni zapis iz II. bloka, CD \u201eDjetinjstvo\u201c<\/p>\n<p>[\/et_pb_text][\/et_pb_column][et_pb_column type=&#8221;3_4&#8243; _builder_version=&#8221;4.16&#8243; _module_preset=&#8221;default&#8221; global_colors_info=&#8221;{}&#8221;][et_pb_image src=&#8221;https:\/\/petrana-sabolek.net\/wp-content\/uploads\/2024\/08\/Djetinstvo-1.jpg&#8221; _builder_version=&#8221;4.22.2&#8243; _module_preset=&#8221;default&#8221; global_colors_info=&#8221;{}&#8221;][\/et_pb_image][et_pb_image src=&#8221;https:\/\/petrana-sabolek.net\/wp-content\/uploads\/2024\/08\/Djetinstvo-note.jpg&#8221; show_in_lightbox=&#8221;on&#8221; _builder_version=&#8221;4.22.2&#8243; _module_preset=&#8221;default&#8221; global_colors_info=&#8221;{}&#8221;][\/et_pb_image][et_pb_audio audio=&#8221;https:\/\/petrana-sabolek.net\/wp-content\/uploads\/2024\/08\/01-Djetinstvo.mp3&#8243; album_name=&#8221;Detinjstvo je kristalna rosa u topla proljetna jutra Kad dijete tr\u010de\u0107 po travi ne misli \u0161to nosi sutra.  Djetinjstvo je topli kruh i mirisna bijela kava \u0160to mati  ne\u010dujno sprema dok dijete jo\u0161 mirno spava.  Djetinjstvo je tanani leptir dok dijete za njime juri I topli doma\u0107i kutak kom promrzlo iz \u0161kole \u017euri.  Djetinjstvo je postelja meka \u0161to usnulo dijete mami Da umorno nakon igre smiraj na\u0111e u tami.&#8221; _builder_version=&#8221;4.22.2&#8243; _module_preset=&#8221;default&#8221; caption_text_color=&#8221;#FFFFFF&#8221; background_color=&#8221;#0a0a0a&#8221; global_colors_info=&#8221;{}&#8221;][\/et_pb_audio][\/et_pb_column][\/et_pb_row][et_pb_row column_structure=&#8221;1_4,3_4&#8243; _builder_version=&#8221;4.16&#8243; _module_preset=&#8221;default&#8221; custom_margin=&#8221;16px|auto||auto||&#8221; global_colors_info=&#8221;{}&#8221;][et_pb_column type=&#8221;1_4&#8243; _builder_version=&#8221;4.16&#8243; _module_preset=&#8221;default&#8221; global_colors_info=&#8221;{}&#8221;][et_pb_text _builder_version=&#8221;4.22.2&#8243; _module_preset=&#8221;default&#8221; global_colors_info=&#8221;{}&#8221;]<\/p>\n<p>*Notni zapis iz III. bloka, Demo snimke songova za dramske tekstove \u201eAvanturokaza\u201c<\/p>\n<p>[\/et_pb_text][\/et_pb_column][et_pb_column type=&#8221;3_4&#8243; _builder_version=&#8221;4.16&#8243; _module_preset=&#8221;default&#8221; global_colors_info=&#8221;{}&#8221;][et_pb_image src=&#8221;https:\/\/petrana-sabolek.net\/wp-content\/uploads\/2024\/08\/Bodljikavi-kavalir.jpg&#8221; _builder_version=&#8221;4.22.2&#8243; _module_preset=&#8221;default&#8221; global_colors_info=&#8221;{}&#8221;][\/et_pb_image][et_pb_image src=&#8221;https:\/\/petrana-sabolek.net\/wp-content\/uploads\/2024\/08\/Bodljikavi-kavalir-note.jpg&#8221; show_in_lightbox=&#8221;on&#8221; _builder_version=&#8221;4.22.2&#8243; _module_preset=&#8221;default&#8221; global_colors_info=&#8221;{}&#8221;][\/et_pb_image][et_pb_audio audio=&#8221;https:\/\/petrana-sabolek.net\/wp-content\/uploads\/2024\/08\/01-Bodljikavi-kavalir-1.mp3&#8243; album_name=&#8221;Bodljom bocka  ko iglama ipak spava na bodljama  Ako oklop te ne brani pred je\u017eevom ku\u0107om stani.    Bodljikavi kavalir \u0161e\u0161ir mu je \u0161umski \u017eir   Kog ni malo ne veseli  ruka \u0161to ga pipnut \u017eeli.   Zato vazda oko ku\u0107e  je\u017e bodljikav oklop vu\u010de Svoj  za\u0161titni znak nad glavom mu \u010duva zrak.&#8221; _builder_version=&#8221;4.22.2&#8243; _module_preset=&#8221;default&#8221; caption_text_color=&#8221;#FFFFFF&#8221; background_color=&#8221;#43ad1d&#8221; global_colors_info=&#8221;{}&#8221;][\/et_pb_audio][\/et_pb_column][\/et_pb_row][\/et_pb_section]<\/p>\n","protected":false},"excerpt":{"rendered":"<p>\u201eZAPJEVAJMO, ZASVIRAJMO\u201c notni zapisi uglazbljenih pjesama za djecu Petrane SabolekSinopsis Pedeset i jedan notni zapis izabran me\u0111u vi\u0161e od sedamdeset uglazbljenih mojih pjesama, glazbenog materijala koji potpisuje pet vrsnih me\u0111imurskih glazbenika i pedagoga: Dragica Karolina \u0160imunkovi\u0107, prof., Ladislav Varga, prof., Damir Rodiger, prof., Radojka Magi\u0107, odgajatelj i Goran \u0160afari\u0107, magistar glazbene kulture, sadr\u017eaj je zbirke [&hellip;]<\/p>\n","protected":false},"author":1,"featured_media":0,"parent":0,"menu_order":0,"comment_status":"closed","ping_status":"closed","template":"","meta":{"_et_pb_use_builder":"on","_et_pb_old_content":"","_et_gb_content_width":"","footnotes":""},"class_list":["post-4133","page","type-page","status-publish","hentry"],"_links":{"self":[{"href":"https:\/\/petrana-sabolek.net\/index.php\/wp-json\/wp\/v2\/pages\/4133","targetHints":{"allow":["GET"]}}],"collection":[{"href":"https:\/\/petrana-sabolek.net\/index.php\/wp-json\/wp\/v2\/pages"}],"about":[{"href":"https:\/\/petrana-sabolek.net\/index.php\/wp-json\/wp\/v2\/types\/page"}],"author":[{"embeddable":true,"href":"https:\/\/petrana-sabolek.net\/index.php\/wp-json\/wp\/v2\/users\/1"}],"replies":[{"embeddable":true,"href":"https:\/\/petrana-sabolek.net\/index.php\/wp-json\/wp\/v2\/comments?post=4133"}],"version-history":[{"count":5,"href":"https:\/\/petrana-sabolek.net\/index.php\/wp-json\/wp\/v2\/pages\/4133\/revisions"}],"predecessor-version":[{"id":4252,"href":"https:\/\/petrana-sabolek.net\/index.php\/wp-json\/wp\/v2\/pages\/4133\/revisions\/4252"}],"wp:attachment":[{"href":"https:\/\/petrana-sabolek.net\/index.php\/wp-json\/wp\/v2\/media?parent=4133"}],"curies":[{"name":"wp","href":"https:\/\/api.w.org\/{rel}","templated":true}]}}