{"id":4170,"date":"2024-08-27T10:02:19","date_gmt":"2024-08-27T10:02:19","guid":{"rendered":"https:\/\/petrana-sabolek.net\/?page_id=4170"},"modified":"2025-10-31T10:10:13","modified_gmt":"2025-10-31T10:10:13","slug":"vrijeme-u-bescjenje-2","status":"publish","type":"page","link":"https:\/\/petrana-sabolek.net\/index.php\/vrijeme-u-bescjenje-2\/","title":{"rendered":"Vrijeme u bescjenje"},"content":{"rendered":"<p>[et_pb_section fb_built=&#8221;1&#8243; admin_label=&#8221;Hero&#8221; _builder_version=&#8221;4.16&#8243; background_color=&#8221;#FFFFFF&#8221; background_image=&#8221;https:\/\/petrana-sabolek.net\/wp-content\/uploads\/2021\/05\/coding-background-texture.jpg&#8221; background_blend=&#8221;overlay&#8221; custom_padding=&#8221;55px|0px|100px|0px||&#8221; animation_style=&#8221;slide&#8221; animation_direction=&#8221;top&#8221; animation_intensity_slide=&#8221;2%&#8221; locked=&#8221;off&#8221; global_colors_info=&#8221;{}&#8221;][et_pb_row column_structure=&#8221;1_4,3_4&#8243; _builder_version=&#8221;4.16&#8243; _module_preset=&#8221;default&#8221; global_colors_info=&#8221;{}&#8221;][et_pb_column type=&#8221;1_4&#8243; _builder_version=&#8221;4.16&#8243; _module_preset=&#8221;default&#8221; global_colors_info=&#8221;{}&#8221;][et_pb_image src=&#8221;https:\/\/petrana-sabolek.net\/wp-content\/uploads\/2024\/08\/Vrijeme-u-bescjenje-krug.png&#8221; title_text=&#8221;glavom bez obzira&#8221; _builder_version=&#8221;4.22.2&#8243; _module_preset=&#8221;default&#8221; global_colors_info=&#8221;{}&#8221;][\/et_pb_image][\/et_pb_column][et_pb_column type=&#8221;3_4&#8243; _builder_version=&#8221;4.16&#8243; _module_preset=&#8221;default&#8221; global_colors_info=&#8221;{}&#8221;][et_pb_text _builder_version=&#8221;4.22.2&#8243; _module_preset=&#8221;default&#8221; header_font_size=&#8221;45px&#8221; global_colors_info=&#8221;{}&#8221;]<\/p>\n<h1>\u201eVRIJEME U BESCJENJE\u201c<\/h1>\n<h3>poetska zbirka<\/h3>\n<p>[\/et_pb_text][et_pb_text _builder_version=&#8221;4.22.2&#8243; _module_preset=&#8221;default&#8221; custom_padding=&#8221;5px|||||&#8221; hover_enabled=&#8221;0&#8243; global_colors_info=&#8221;{}&#8221; sticky_enabled=&#8221;0&#8243;]<\/p>\n<h3 style=\"text-align: justify;\">Sinopsis<\/h3>\n<p class=\"western\" align=\"justify\"><span style=\"font-family: Calibri, serif;\"><span style=\"font-family: Times New Roman, serif;\"><span style=\"font-size: medium;\"><\/span><\/span><\/span><\/p>\n<p class=\"western\" align=\"justify\"><span style=\"color: #666666;\"><span style=\"font-family: Arial, serif;\"><span style=\"font-size: small;\">Tema zbirke je vrijeme koje u mnogome odre\u0111uje \u017eivot dana\u0161njeg \u010dovjeka. Sedamdeset pjesama, u rimi, slobodnim stihom i u prozi, tematski su raspore\u0111eni u tri bloka: <\/span><\/span><\/span><span style=\"color: #666666;\"><span style=\"font-family: Arial, serif;\"><span style=\"font-size: small;\"><i>Faktor vrijeme<\/i><\/span><\/span><\/span><span style=\"color: #666666;\"><span style=\"font-family: Arial, serif;\"><span style=\"font-size: small;\">, <\/span><\/span><\/span><span style=\"color: #666666;\"><span style=\"font-family: Arial, serif;\"><span style=\"font-size: small;\"><i>Vrijeme u bescjenje<\/i><\/span><\/span><\/span><span style=\"color: #666666;\"><span style=\"font-family: Arial, serif;\"><span style=\"font-size: small;\"> i <\/span><\/span><\/span><span style=\"color: #666666;\"><span style=\"font-family: Arial, serif;\"><span style=\"font-size: small;\"><i>Kad danas postane sutra<\/i><\/span><\/span><\/span><span style=\"color: #666666;\"><span style=\"font-family: Arial, serif;\"><span style=\"font-size: small;\">. <\/span><\/span><\/span><\/p>\n<p>[\/et_pb_text][\/et_pb_column][\/et_pb_row][et_pb_row column_structure=&#8221;1_4,3_4&#8243; _builder_version=&#8221;4.16&#8243; _module_preset=&#8221;default&#8221; global_colors_info=&#8221;{}&#8221;][et_pb_column type=&#8221;1_4&#8243; _builder_version=&#8221;4.16&#8243; _module_preset=&#8221;default&#8221; global_colors_info=&#8221;{}&#8221;][\/et_pb_column][et_pb_column type=&#8221;3_4&#8243; _builder_version=&#8221;4.16&#8243; _module_preset=&#8221;default&#8221; global_colors_info=&#8221;{}&#8221;][et_pb_text _builder_version=&#8221;4.22.2&#8243; _module_preset=&#8221;default&#8221; custom_padding=&#8221;5px|||||&#8221; hover_enabled=&#8221;0&#8243; global_colors_info=&#8221;{}&#8221; sticky_enabled=&#8221;0&#8243;]<\/p>\n<p><span style=\"color: #333333;\"><span style=\"font-family: Arial, serif;\"><span style=\"font-size: x-large;\">Ogledni arak<\/span><\/span><\/span><\/p>\n<p align=\"justify\"><span style=\"color: #222222;\"><span style=\"font-family: Arial, serif;\"><span style=\"font-size: large;\">IDILA LJETNOGA DANA<br \/><\/span><\/span><\/span><span style=\"color: #666666;\"><span style=\"font-family: Arial, serif;\"><span style=\"font-size: small;\">(Blok:<\/span><\/span><\/span><span style=\"color: #666666;\"><span style=\"font-family: Arial, serif;\"><span style=\"font-size: small;\"><i> <\/i><\/span><\/span><\/span><span style=\"color: #666666;\"><span style=\"font-family: Arial, serif;\"><span style=\"font-size: small;\">Faktor vrijeme)<\/span><\/span><\/span><\/p>\n<p align=\"justify\"><span style=\"color: #666666;\"><span style=\"font-family: Arial, serif;\"><span style=\"font-size: small;\"><\/span><\/span><\/span><\/p>\n<p align=\"justify\"><span style=\"color: #1c1e21;\"><span style=\"font-family: Times New Roman, serif;\"><span style=\"font-size: medium;\">Volim morsko plavetnilo<br \/><\/span><\/span><\/span><span style=\"color: #1c1e21;\"><span style=\"font-family: Times New Roman, serif;\"><span style=\"font-size: medium;\">vedrinu ljetnoga jutra<br \/><\/span><\/span><\/span><span style=\"font-size: medium; font-family: 'Times New Roman', serif; color: #1c1e21;\">i odbljesak sunca ljeskanjem u moru.<\/span><\/p>\n<p align=\"justify\"><span style=\"color: #1c1e21;\"><span style=\"font-family: Times New Roman, serif;\"><span style=\"font-size: medium;\">Volim dan u kriku galeba<br \/><\/span><\/span><\/span><span style=\"color: #1c1e21;\"><span style=\"font-family: Times New Roman, serif;\"><span style=\"font-size: medium;\">dok bjelinom razapetih krila re\u017ee zrak<br \/><\/span><\/span><\/span><span style=\"font-size: medium; font-family: 'Times New Roman', serif; color: #1c1e21;\">pa me\u0111u trepavicama puca zrcalno plavetnilo:<br \/><\/span><span style=\"color: #1c1e21;\"><span style=\"font-family: Times New Roman, serif;\"><span style=\"font-size: medium;\">kamen u staklo<br \/><\/span><\/span><\/span><span style=\"color: #1c1e21;\"> <span style=\"font-family: Times New Roman, serif;\"><span style=\"font-size: medium;\">nikako u zrcalo \u2013<br \/><\/span><\/span><\/span><span style=\"font-size: medium; font-family: 'Times New Roman', serif; color: #1c1e21;\">sedam godina nesre\u0107e, ka\u017eu.<\/span><\/p>\n<p align=\"justify\"><span style=\"color: #1c1e21;\"><span style=\"font-family: Times New Roman, serif;\"><span style=\"font-size: medium;\">\u0160kripa mirisnih borovih iglica pod nogama daje vedrinu koraku<br \/><\/span><\/span><\/span><span style=\"font-size: medium; font-family: 'Times New Roman', serif; color: #1c1e21;\">i zato volim (pakosno) kada se Vakuli* izjalovi<br \/><\/span><span style=\"color: #1c1e21;\"><span style=\"font-family: Times New Roman, serif;\"><span style=\"font-size: medium;\">pa umjesto na buru opet okrene na moje<br \/><\/span><\/span><\/span><span style=\"font-size: medium; font-family: 'Times New Roman', serif; color: #1c1e21;\">da i opet<br \/><\/span><span style=\"color: #1c1e21;\"><span style=\"font-family: Times New Roman, serif;\"><span style=\"font-size: medium;\">s galebom i \/ ili bez njega<br \/><\/span><\/span><\/span><span style=\"font-size: medium; font-family: 'Times New Roman', serif; color: #1c1e21;\">na obzoru izrone zagrljeni<br \/><\/span><span style=\"color: #1c1e21;\"><span style=\"font-family: Times New Roman, serif;\"><span style=\"font-size: medium;\">sun\u010dano nebo i morsko plavetnilo.<\/span><\/span><\/span><\/p>\n<p align=\"justify\"><span style=\"color: #1c1e21;\"><span style=\"font-family: Times New Roman, serif;\"><span style=\"font-size: medium;\">____________________________<\/span><\/span><\/span><\/p>\n<p align=\"justify\"><span style=\"font-family: Times New Roman, serif;\">*Zoran, poznati hrvatski meteorolog<\/span><\/p>\n<p align=\"justify\">\n<p align=\"justify\">\n<p><span style=\"font-family: Arial, serif;\"><span style=\"font-size: large;\"><span style=\"color: #000000;\">U RALJAMA VREMENA<\/span><br \/><\/span><\/span><span style=\"font-family: Arial, serif;\"><span style=\"font-size: small;\">(Blok: Vrijeme u bescjenje)<\/span><\/span><\/p>\n<p><span style=\"font-family: Arial, serif;\"><span style=\"font-size: small;\"><\/span><\/span><\/p>\n<p align=\"justify\"><span style=\"color: #000000;\"><span style=\"font-family: Times New Roman, serif;\"><span style=\"font-size: medium;\"><span>U vlasti sam opsjena i sjena<br \/><\/span><\/span><\/span><\/span><span style=\"font-size: medium; font-family: 'Times New Roman', serif; color: #000000;\">i makar se klonim proro\u010danskoj misli<br \/><\/span><span style=\"color: #000000;\"><span style=\"font-family: Times New Roman, serif;\"><span style=\"font-size: medium;\"><span>preda mnom uporno slike izgubljenog svijeta. <\/span><\/span><\/span><\/span><\/p>\n<p align=\"justify\"><span style=\"color: #000000;\"><span style=\"font-family: Times New Roman, serif;\"><span style=\"font-size: medium;\"><span>Promi\u010du u bojama rata i izgubljenih ognji\u0161ta<br \/><\/span><\/span><\/span><\/span><span style=\"color: #000000;\"><span style=\"font-family: Times New Roman, serif;\"><span style=\"font-size: medium;\"><span>u slici ljudstva maskama ure\u0161enih lica<br \/><\/span><\/span><\/span><\/span><span style=\"color: #000000;\"><span style=\"font-family: Times New Roman, serif;\"><span style=\"font-size: medium;\"><span>u hordama izbjeglica<br \/><\/span><\/span><\/span><\/span><span style=\"font-size: medium; font-family: 'Times New Roman', serif; color: #000000;\">u no\u0107ima bez sanja<br \/><\/span><span style=\"color: #000000;\"><span style=\"font-family: Times New Roman, serif;\"><span style=\"font-size: medium;\"><span>u jutrima bez svitanja<br \/><\/span><\/span><\/span><\/span><span style=\"font-size: medium; font-family: 'Times New Roman', serif; color: #000000;\">u slici bez budu\u0107nosti \u2013<br \/><\/span><span style=\"color: #000000;\"><span style=\"font-family: Times New Roman, serif;\"><span style=\"font-size: medium;\"><span>bez nade. <\/span><\/span><\/span><\/span><\/p>\n<p align=\"justify\"><span style=\"color: #000000;\"><span style=\"font-family: Times New Roman, serif;\"><span style=\"font-size: medium;\"><span>Nimalo cini\u010dna<br \/><\/span><\/span><\/span><\/span><span style=\"color: #000000;\"><span style=\"font-family: Times New Roman, serif;\"><span style=\"font-size: medium;\"><span>i uzalud kriti\u010dna<br \/><\/span><\/span><\/span><\/span><span style=\"color: #000000;\"><span style=\"font-family: Times New Roman, serif;\"><span style=\"font-size: medium;\"><span>ostajem zato\u010dena u raljama stanja<br \/><\/span><\/span><\/span><\/span><span style=\"color: #000000;\"><span style=\"font-family: Times New Roman, serif;\"><span style=\"font-size: medium;\"><span>\u0161to i slijepom govori<br \/><\/span><\/span><\/span><\/span><span style=\"font-size: medium; font-family: 'Times New Roman', serif; color: #000000;\">kuda vode koraci neciviliziranosti i kriminala<br \/><\/span><span style=\"color: #000000;\"><span style=\"font-family: Times New Roman, serif;\"><span style=\"font-size: medium;\"><span>bezo\u010dnih du\u0161a li\u0161enih empatije. <\/span><\/span><\/span><\/span><\/p>\n<p align=\"justify\"><span style=\"color: #000000;\"><span style=\"font-family: Times New Roman, serif;\"><span style=\"font-size: medium;\"><span>A zar je tako te\u0161ko zaorati brazde ljubavi i mira<br \/><\/span><\/span><\/span><\/span><span style=\"color: #000000;\"><span style=\"font-family: Times New Roman, serif;\"><span style=\"font-size: medium;\"><span>za zoru koja obe\u0107ava<br \/><\/span><\/span><\/span><\/span><span style=\"color: #000000;\"><span style=\"font-family: Times New Roman, serif;\"><span style=\"font-size: medium;\"><span>za svijet u kojem bi umjesto <\/span><\/span><\/span><\/span><span style=\"color: #000000;\"><span style=\"font-family: Times New Roman, serif;\"><span style=\"font-size: medium;\"><i><span>vl\u00e2da<br \/><\/span><\/i><\/span><\/span><\/span><span style=\"font-size: medium; font-family: 'Times New Roman', serif; color: #000000;\">vladala nada.<\/span><\/p>\n<p>&nbsp;<\/p>\n<p>&nbsp;<\/p>\n<p align=\"justify\"><span style=\"font-family: Arial, serif;\"><span style=\"font-size: large;\"><span style=\"color: #000000;\">U I\u0160\u010cEKIVANJU BUDU\u0106NOSTI<\/span><br \/><\/span><\/span><span style=\"font-size: small; font-family: Arial, serif;\">(Blok: Kad danas postane sutra)<\/span><\/p>\n<p>&nbsp;<\/p>\n<p><span style=\"font-family: Times New Roman, serif;\"><span style=\"font-size: medium;\">Nisam \u010dovjek od akcije<br \/><\/span><\/span><span style=\"font-size: medium; font-family: 'Times New Roman', serif;\">vi\u0161e volim mir i ti\u0161inu \u2013<br \/><\/span><span style=\"font-family: Times New Roman, serif;\"><span style=\"font-size: medium;\">ljepotu mjesta u zape\u0107ku<br \/><\/span><\/span><span style=\"font-family: Times New Roman, serif;\"><span style=\"font-size: medium;\">gdje \u0161etnja livadama misli<br \/><\/span><\/span><span style=\"font-family: Times New Roman, serif;\"><span style=\"font-size: medium;\">postaje \u0161etnja cvjetnom livadom<br \/><\/span><\/span><span style=\"font-family: Times New Roman, serif;\"><span style=\"font-size: medium;\">a drve\u0107e<br \/><\/span><\/span><span style=\"font-family: Times New Roman, serif;\"><span style=\"font-size: medium;\">kao usputno raskri\u017eje<br \/><\/span><\/span><span style=\"font-family: Times New Roman, serif;\"><span style=\"font-size: medium;\">postaje vrelo novih ili ve\u0107 zaboravljenih rije\u010di, misli i sje\u0107anja <\/span><\/span><\/p>\n<p>&nbsp;<\/p>\n<p><span style=\"font-family: Times New Roman, serif;\"><span style=\"font-size: medium;\">I tako<br \/><\/span><\/span><span style=\"font-family: Times New Roman, serif;\"><span style=\"font-size: medium;\">u i\u0161\u010dekivanju budu\u0107nosti<br \/><\/span><\/span><span style=\"font-size: medium; font-family: 'Times New Roman', serif;\">\u010distim prepune ladica u glavi \u2013<br \/><\/span><span style=\"font-family: Times New Roman, serif;\"><span style=\"font-size: medium;\">izbaciti iz njih sva nevoljena doga\u0111anja<br \/><\/span><\/span><span style=\"font-family: Times New Roman, serif;\"><span style=\"font-size: medium;\">sve \u017eivotne nemilosti i la\u017ena obe\u0107anja<br \/><\/span><\/span><span style=\"font-size: medium; font-family: 'Times New Roman', serif;\">sva kvazi prijateljstva i nemile mitove pro\u0161losti<br \/><\/span><span style=\"font-family: Times New Roman, serif;\"><span style=\"font-size: medium;\">sva ukazanja budu\u0107nosti kojima se grabi k sunovratu. <\/span><\/span><\/p>\n<p>&nbsp;<\/p>\n<p>[\/et_pb_text][\/et_pb_column][\/et_pb_row][\/et_pb_section]<\/p>\n","protected":false},"excerpt":{"rendered":"<p>\u201eVRIJEME U BESCJENJE\u201c poetska zbirkaSinopsis Tema zbirke je vrijeme koje u mnogome odre\u0111uje \u017eivot dana\u0161njeg \u010dovjeka. Sedamdeset pjesama, u rimi, slobodnim stihom i u prozi, tematski su raspore\u0111eni u tri bloka: Faktor vrijeme, Vrijeme u bescjenje i Kad danas postane sutra. Ogledni arak IDILA LJETNOGA DANA(Blok: Faktor vrijeme) Volim morsko plavetnilovedrinu ljetnoga jutrai odbljesak sunca [&hellip;]<\/p>\n","protected":false},"author":1,"featured_media":0,"parent":0,"menu_order":0,"comment_status":"closed","ping_status":"closed","template":"","meta":{"_et_pb_use_builder":"on","_et_pb_old_content":"","_et_gb_content_width":"","footnotes":""},"class_list":["post-4170","page","type-page","status-publish","hentry"],"_links":{"self":[{"href":"https:\/\/petrana-sabolek.net\/index.php\/wp-json\/wp\/v2\/pages\/4170","targetHints":{"allow":["GET"]}}],"collection":[{"href":"https:\/\/petrana-sabolek.net\/index.php\/wp-json\/wp\/v2\/pages"}],"about":[{"href":"https:\/\/petrana-sabolek.net\/index.php\/wp-json\/wp\/v2\/types\/page"}],"author":[{"embeddable":true,"href":"https:\/\/petrana-sabolek.net\/index.php\/wp-json\/wp\/v2\/users\/1"}],"replies":[{"embeddable":true,"href":"https:\/\/petrana-sabolek.net\/index.php\/wp-json\/wp\/v2\/comments?post=4170"}],"version-history":[{"count":6,"href":"https:\/\/petrana-sabolek.net\/index.php\/wp-json\/wp\/v2\/pages\/4170\/revisions"}],"predecessor-version":[{"id":4555,"href":"https:\/\/petrana-sabolek.net\/index.php\/wp-json\/wp\/v2\/pages\/4170\/revisions\/4555"}],"wp:attachment":[{"href":"https:\/\/petrana-sabolek.net\/index.php\/wp-json\/wp\/v2\/media?parent=4170"}],"curies":[{"name":"wp","href":"https:\/\/api.w.org\/{rel}","templated":true}]}}